{"id":229,"date":"2020-11-19T22:04:47","date_gmt":"2020-11-19T21:04:47","guid":{"rendered":"https:\/\/polesantesaintdie.fr\/?page_id=229"},"modified":"2021-01-07T22:27:31","modified_gmt":"2021-01-07T21:27:31","slug":"praticienne-bien-etre-adeline","status":"publish","type":"page","link":"https:\/\/polesantesaintdie.fr\/?page_id=229","title":{"rendered":"VALVIN Adeline"},"content":{"rendered":"\t\t<div data-elementor-type=\"wp-page\" data-elementor-id=\"229\" class=\"elementor elementor-229\">\n\t\t\t\t\t\t<div class=\"elementor-inner\">\n\t\t\t\t<div class=\"elementor-section-wrap\">\n\t\t\t\t\t\t\t\t\t<section class=\"elementor-section elementor-top-section elementor-element elementor-element-3b527238 elementor-section-boxed elementor-section-height-default elementor-section-height-default\" data-id=\"3b527238\" data-element_type=\"section\">\n\t\t\t\t\t\t<div class=\"elementor-container elementor-column-gap-default\">\n\t\t\t\t\t\t\t<div class=\"elementor-row\">\n\t\t\t\t\t<div class=\"elementor-column elementor-col-100 elementor-top-column elementor-element elementor-element-448b0029\" data-id=\"448b0029\" data-element_type=\"column\">\n\t\t\t<div class=\"elementor-column-wrap elementor-element-populated\">\n\t\t\t\t\t\t\t<div class=\"elementor-widget-wrap\">\n\t\t\t\t\t\t<section class=\"elementor-section elementor-inner-section elementor-element elementor-element-4f5358af elementor-section-boxed elementor-section-height-default elementor-section-height-default\" data-id=\"4f5358af\" data-element_type=\"section\">\n\t\t\t\t\t\t<div class=\"elementor-container elementor-column-gap-default\">\n\t\t\t\t\t\t\t<div class=\"elementor-row\">\n\t\t\t\t\t<div class=\"elementor-column elementor-col-50 elementor-inner-column elementor-element elementor-element-298dc936\" data-id=\"298dc936\" data-element_type=\"column\">\n\t\t\t<div class=\"elementor-column-wrap elementor-element-populated\">\n\t\t\t\t\t\t\t<div class=\"elementor-widget-wrap\">\n\t\t\t\t\t\t<div class=\"elementor-element elementor-element-1b78a400 elementor-widget elementor-widget-image\" data-id=\"1b78a400\" data-element_type=\"widget\" data-widget_type=\"image.default\">\n\t\t\t\t<div class=\"elementor-widget-container\">\n\t\t\t\t\t\t\t\t<div class=\"elementor-image\">\n\t\t\t\t\t\t\t\t\t\t\t\t<img width=\"300\" height=\"300\" src=\"https:\/\/polesantesaintdie.fr\/wp-content\/uploads\/2020\/11\/adeline.jpg\" class=\"attachment-medium size-medium wp-image-404\" alt=\"\" loading=\"lazy\" srcset=\"https:\/\/polesantesaintdie.fr\/wp-content\/uploads\/2020\/11\/adeline.jpg 300w, https:\/\/polesantesaintdie.fr\/wp-content\/uploads\/2020\/11\/adeline-150x150.jpg 150w\" sizes=\"(max-width: 300px) 100vw, 300px\" \/>\t\t\t\t\t\t\t\t\t\t\t\t\t\t<\/div>\n\t\t\t\t\t\t<\/div>\n\t\t\t\t<\/div>\n\t\t\t\t\t\t<\/div>\n\t\t\t\t\t<\/div>\n\t\t<\/div>\n\t\t\t\t<div class=\"elementor-column elementor-col-50 elementor-inner-column elementor-element elementor-element-324af516\" data-id=\"324af516\" data-element_type=\"column\">\n\t\t\t<div class=\"elementor-column-wrap elementor-element-populated\">\n\t\t\t\t\t\t\t<div class=\"elementor-widget-wrap\">\n\t\t\t\t\t\t<div class=\"elementor-element elementor-element-73d9f0f5 elementor-widget elementor-widget-text-editor\" data-id=\"73d9f0f5\" data-element_type=\"widget\" data-widget_type=\"text-editor.default\">\n\t\t\t\t<div class=\"elementor-widget-container\">\n\t\t\t\t\t\t\t\t<div class=\"elementor-text-editor elementor-clearfix\">\n\t\t\t\t<p>Praticienne bien-\u00eatre et esth\u00e9ticienne :<\/p><p>Adeline VALVIN :<\/p><p>Je m\u2019appelle Adeline VALVIN, je suis esth\u00e9ticienne et praticienne dans le massage bien-\u00eatre que je pratique et qui me passionne depuis 11 ans.<\/p><p>J\u2019ai commenc\u00e9 mon parcours professionnel dans les h\u00f4tels spa, cures thermales. En 2012, je deviens responsable de spa Chez Julien \u00e0 Fouday, o\u00f9 j\u2019ai pu me perfectionner dans le domaine des soins hydroth\u00e9rapie et massage bien-\u00eatre. Gr\u00e2ce \u00e0 cette exp\u00e9rience, j\u2019ai pu ajouter \u00e0 mon parcours de nouvelles techniques de massage.<\/p>\t\t\t\t\t<\/div>\n\t\t\t\t\t\t<\/div>\n\t\t\t\t<\/div>\n\t\t\t\t\t\t<\/div>\n\t\t\t\t\t<\/div>\n\t\t<\/div>\n\t\t\t\t\t\t\t\t<\/div>\n\t\t\t\t\t<\/div>\n\t\t<\/section>\n\t\t\t\t<div class=\"elementor-element elementor-element-a39e40e elementor-widget elementor-widget-text-editor\" data-id=\"a39e40e\" data-element_type=\"widget\" data-widget_type=\"text-editor.default\">\n\t\t\t\t<div class=\"elementor-widget-container\">\n\t\t\t\t\t\t\t\t<div class=\"elementor-text-editor elementor-clearfix\">\n\t\t\t\t<p>Aujourd\u2019hui cela fait 4 ans que je suis \u00e0 mon compte ; j\u2019ai ouvert une cabine de soin \u00e0 Wisembach et j\u2019interviens au cap France \u00e0 la Bolle \u00e0 Saint Di\u00e9 des Vosges, \u00e0 l\u2019association France Parkinson \u00e0 Epinal et d\u00e9sormais, au p\u00f4le sant\u00e9 &amp; bien-\u00eatre, \u00e9galement \u00e0 Saint Di\u00e9 des Vosges.<\/p><p>Je vous propose mes services:\u00a0 \u00e9pilations, soins du visage, soins du corps, et plus particuli\u00e8rement pour passer un moment de bien-\u00eatre et de l\u00e2cher prise des massages indiens, massages du dos, r\u00e9flexologie plantaire, massage tao\u00efste de visage et cuir chevelu, massage aux pierre chaudes&#8230;.<\/p>\t\t\t\t\t<\/div>\n\t\t\t\t\t\t<\/div>\n\t\t\t\t<\/div>\n\t\t\t\t\t\t<\/div>\n\t\t\t\t\t<\/div>\n\t\t<\/div>\n\t\t\t\t\t\t\t\t<\/div>\n\t\t\t\t\t<\/div>\n\t\t<\/section>\n\t\t\t\t<section class=\"elementor-section elementor-top-section elementor-element elementor-element-39b5973 elementor-section-boxed elementor-section-height-default elementor-section-height-default\" data-id=\"39b5973\" data-element_type=\"section\">\n\t\t\t\t\t\t<div class=\"elementor-container elementor-column-gap-default\">\n\t\t\t\t\t\t\t<div class=\"elementor-row\">\n\t\t\t\t\t<div class=\"elementor-column elementor-col-100 elementor-top-column elementor-element elementor-element-8866488\" data-id=\"8866488\" data-element_type=\"column\">\n\t\t\t<div class=\"elementor-column-wrap elementor-element-populated\">\n\t\t\t\t\t\t\t<div class=\"elementor-widget-wrap\">\n\t\t\t\t\t\t<div class=\"elementor-element elementor-element-a881461 elementor-widget elementor-widget-image\" data-id=\"a881461\" data-element_type=\"widget\" data-widget_type=\"image.default\">\n\t\t\t\t<div class=\"elementor-widget-container\">\n\t\t\t\t\t\t\t\t<div class=\"elementor-image\">\n\t\t\t\t\t\t\t\t\t\t\t\t<img width=\"640\" height=\"530\" src=\"https:\/\/polesantesaintdie.fr\/wp-content\/uploads\/2020\/11\/retouche-48-e1605819546437-768x636.jpg\" class=\"attachment-medium_large size-medium_large wp-image-64\" alt=\"Praticienne bien-\u00eatre \u00e0 Saint Di\u00e9\" loading=\"lazy\" srcset=\"https:\/\/polesantesaintdie.fr\/wp-content\/uploads\/2020\/11\/retouche-48-e1605819546437-768x636.jpg 768w, https:\/\/polesantesaintdie.fr\/wp-content\/uploads\/2020\/11\/retouche-48-e1605819546437-300x248.jpg 300w, https:\/\/polesantesaintdie.fr\/wp-content\/uploads\/2020\/11\/retouche-48-e1605819546437.jpg 893w\" sizes=\"(max-width: 640px) 100vw, 640px\" \/>\t\t\t\t\t\t\t\t\t\t\t\t\t\t<\/div>\n\t\t\t\t\t\t<\/div>\n\t\t\t\t<\/div>\n\t\t\t\t\t\t<\/div>\n\t\t\t\t\t<\/div>\n\t\t<\/div>\n\t\t\t\t\t\t\t\t<\/div>\n\t\t\t\t\t<\/div>\n\t\t<\/section>\n\t\t\t\t<section class=\"elementor-section elementor-top-section elementor-element elementor-element-7fb2edb elementor-section-boxed elementor-section-height-default elementor-section-height-default\" data-id=\"7fb2edb\" data-element_type=\"section\">\n\t\t\t\t\t\t<div class=\"elementor-container elementor-column-gap-default\">\n\t\t\t\t\t\t\t<div class=\"elementor-row\">\n\t\t\t\t\t<div class=\"elementor-column elementor-col-100 elementor-top-column elementor-element elementor-element-2553bdc\" data-id=\"2553bdc\" data-element_type=\"column\">\n\t\t\t<div class=\"elementor-column-wrap elementor-element-populated\">\n\t\t\t\t\t\t\t<div class=\"elementor-widget-wrap\">\n\t\t\t\t\t\t<div class=\"elementor-element elementor-element-bf405a9 elementor-widget elementor-widget-text-editor\" data-id=\"bf405a9\" data-element_type=\"widget\" data-widget_type=\"text-editor.default\">\n\t\t\t\t<div class=\"elementor-widget-container\">\n\t\t\t\t\t\t\t\t<div class=\"elementor-text-editor elementor-clearfix\">\n\t\t\t\t<p style=\"border: #c1c1c1 1px solid; text-align: center; font-size: 30px; margin-bottom: 2px;\">Contacts<\/p>\n<p style=\"border: #c1c1c1 1px solid; text-align: center; font-size: 16px; padding: 20px;\">N\u2019h\u00e9sitez pas \u00e0 me contacter par t\u00e9l\u00e9phone ou sms au <br>06.80.92.48.27<br><br>\n<a target=\"_blank\" rel=\"nofollow noopener\" href=\"https:\/\/www.facebook.com\/Instantzenbyadeline\">\n\t\t<img src=\"https:\/\/polesantesaintdie.fr\/wp-content\/uploads\/2020\/12\/facebook.png\" width=\"30px\" \/>\n\t\t&nbsp;&nbsp;&nbsp;<span style=\"font-size:14px\">Retrouvez moi sur Facebook<\/span>\n\t<\/a>\n<\/p>\t\t\t\t\t<\/div>\n\t\t\t\t\t\t<\/div>\n\t\t\t\t<\/div>\n\t\t\t\t\t\t<\/div>\n\t\t\t\t\t<\/div>\n\t\t<\/div>\n\t\t\t\t\t\t\t\t<\/div>\n\t\t\t\t\t<\/div>\n\t\t<\/section>\n\t\t\t\t\t\t\t\t\t<\/div>\n\t\t\t<\/div>\n\t\t\t\t\t<\/div>\n\t\t","protected":false},"excerpt":{"rendered":"<p>Praticienne bien-\u00eatre et esth\u00e9ticienne : Adeline VALVIN : Je m\u2019appelle Adeline VALVIN, je suis esth\u00e9ticienne et praticienne dans le massage bien-\u00eatre que je pratique et qui me passionne depuis 11 ans. J\u2019ai commenc\u00e9 mon parcours professionnel dans les h\u00f4tels spa, cures thermales. En 2012, je deviens responsable de spa Chez Julien \u00e0 Fouday, o\u00f9 j\u2019ai <\/p>\n<div class=\"read-more-text\"><a href=\"https:\/\/polesantesaintdie.fr\/?page_id=229\" class=\"readmore\">read more<\/a><\/div>\n","protected":false},"author":1,"featured_media":0,"parent":0,"menu_order":0,"comment_status":"closed","ping_status":"closed","template":"","meta":[],"yoast_head":"<!-- This site is optimized with the Yoast SEO plugin v15.8 - https:\/\/yoast.com\/wordpress\/plugins\/seo\/ -->\n<title>Praticienne bien-\u00eatre et esth\u00e9ticienne de Saint-Di\u00e9, VALVIN ADELINE<\/title>\n<meta name=\"description\" content=\"Epilations, soins du visage, soins du corps, et plus particuli\u00e8rement pour passer un moment de bien-\u00eatre...\" \/>\n<meta name=\"robots\" content=\"index, follow, max-snippet:-1, max-image-preview:large, max-video-preview:-1\" \/>\n<link rel=\"canonical\" href=\"https:\/\/polesantesaintdie.fr\/?page_id=229\" \/>\n<meta property=\"og:locale\" content=\"fr_FR\" \/>\n<meta property=\"og:type\" content=\"article\" \/>\n<meta property=\"og:title\" content=\"Praticienne bien-\u00eatre et esth\u00e9ticienne de Saint-Di\u00e9, VALVIN ADELINE\" \/>\n<meta property=\"og:description\" content=\"Epilations, soins du visage, soins du corps, et plus particuli\u00e8rement pour passer un moment de bien-\u00eatre...\" \/>\n<meta property=\"og:url\" content=\"https:\/\/polesantesaintdie.fr\/?page_id=229\" \/>\n<meta property=\"article:publisher\" content=\"https:\/\/www.facebook.com\/pages\/category\/Health-Beauty\/P%c3%b4le-sant%c3%a9-et-bien-%c3%aatre-Saint-Di%c3%a9-des-Vosges-101476071573629\/\" \/>\n<meta property=\"article:modified_time\" content=\"2021-01-07T21:27:31+00:00\" \/>\n<meta property=\"og:image\" content=\"https:\/\/polesantesaintdie.fr\/wp-content\/uploads\/2020\/11\/adeline.jpg\" \/>\n<meta name=\"twitter:card\" content=\"summary_large_image\" \/>\n<meta name=\"twitter:label1\" content=\"Dur\u00e9e de lecture est.\">\n\t<meta name=\"twitter:data1\" content=\"1 minute\">\n<script type=\"application\/ld+json\" class=\"yoast-schema-graph\">{\"@context\":\"https:\/\/schema.org\",\"@graph\":[{\"@type\":\"Organization\",\"@id\":\"https:\/\/polesantesaintdie.fr\/#organization\",\"name\":\"Le p\\u00f4le Sant\\u00e9 & Bien-\\u00eatre de Saint-Di\\u00e9\",\"url\":\"https:\/\/polesantesaintdie.fr\/\",\"sameAs\":[\"https:\/\/www.facebook.com\/pages\/category\/Health-Beauty\/P\\u00f4le-sant\\u00e9-et-bien-\\u00eatre-Saint-Di\\u00e9-des-Vosges-101476071573629\/\"],\"logo\":{\"@type\":\"ImageObject\",\"@id\":\"https:\/\/polesantesaintdie.fr\/#logo\",\"inLanguage\":\"fr-FR\",\"url\":\"https:\/\/polesantesaintdie.fr\/wp-content\/uploads\/2020\/11\/logo-1.png\",\"width\":329,\"height\":218,\"caption\":\"Le p\\u00f4le Sant\\u00e9 & Bien-\\u00eatre de Saint-Di\\u00e9\"},\"image\":{\"@id\":\"https:\/\/polesantesaintdie.fr\/#logo\"}},{\"@type\":\"WebSite\",\"@id\":\"https:\/\/polesantesaintdie.fr\/#website\",\"url\":\"https:\/\/polesantesaintdie.fr\/\",\"name\":\"\",\"description\":\"Le p\\u00f4le Sant\\u00e9 &amp; Bien-\\u00eatre de Saint-Di\\u00e9\",\"publisher\":{\"@id\":\"https:\/\/polesantesaintdie.fr\/#organization\"},\"potentialAction\":[{\"@type\":\"SearchAction\",\"target\":\"https:\/\/polesantesaintdie.fr\/?s={search_term_string}\",\"query-input\":\"required name=search_term_string\"}],\"inLanguage\":\"fr-FR\"},{\"@type\":\"ImageObject\",\"@id\":\"https:\/\/polesantesaintdie.fr\/?page_id=229#primaryimage\",\"inLanguage\":\"fr-FR\",\"url\":\"https:\/\/polesantesaintdie.fr\/wp-content\/uploads\/2020\/11\/adeline.jpg\",\"width\":300,\"height\":300},{\"@type\":\"WebPage\",\"@id\":\"https:\/\/polesantesaintdie.fr\/?page_id=229#webpage\",\"url\":\"https:\/\/polesantesaintdie.fr\/?page_id=229\",\"name\":\"Praticienne bien-\\u00eatre et esth\\u00e9ticienne de Saint-Di\\u00e9, VALVIN ADELINE\",\"isPartOf\":{\"@id\":\"https:\/\/polesantesaintdie.fr\/#website\"},\"primaryImageOfPage\":{\"@id\":\"https:\/\/polesantesaintdie.fr\/?page_id=229#primaryimage\"},\"datePublished\":\"2020-11-19T21:04:47+00:00\",\"dateModified\":\"2021-01-07T21:27:31+00:00\",\"description\":\"Epilations, soins du visage, soins du corps, et plus particuli\\u00e8rement pour passer un moment de bien-\\u00eatre...\",\"breadcrumb\":{\"@id\":\"https:\/\/polesantesaintdie.fr\/?page_id=229#breadcrumb\"},\"inLanguage\":\"fr-FR\",\"potentialAction\":[{\"@type\":\"ReadAction\",\"target\":[\"https:\/\/polesantesaintdie.fr\/?page_id=229\"]}]},{\"@type\":\"BreadcrumbList\",\"@id\":\"https:\/\/polesantesaintdie.fr\/?page_id=229#breadcrumb\",\"itemListElement\":[{\"@type\":\"ListItem\",\"position\":1,\"item\":{\"@type\":\"WebPage\",\"@id\":\"https:\/\/polesantesaintdie.fr\/\",\"url\":\"https:\/\/polesantesaintdie.fr\/\",\"name\":\"Accueil\"}},{\"@type\":\"ListItem\",\"position\":2,\"item\":{\"@type\":\"WebPage\",\"@id\":\"https:\/\/polesantesaintdie.fr\/?page_id=229\",\"url\":\"https:\/\/polesantesaintdie.fr\/?page_id=229\",\"name\":\"VALVIN Adeline\"}}]}]}<\/script>\n<!-- \/ Yoast SEO plugin. -->","_links":{"self":[{"href":"https:\/\/polesantesaintdie.fr\/index.php?rest_route=\/wp\/v2\/pages\/229"}],"collection":[{"href":"https:\/\/polesantesaintdie.fr\/index.php?rest_route=\/wp\/v2\/pages"}],"about":[{"href":"https:\/\/polesantesaintdie.fr\/index.php?rest_route=\/wp\/v2\/types\/page"}],"author":[{"embeddable":true,"href":"https:\/\/polesantesaintdie.fr\/index.php?rest_route=\/wp\/v2\/users\/1"}],"replies":[{"embeddable":true,"href":"https:\/\/polesantesaintdie.fr\/index.php?rest_route=%2Fwp%2Fv2%2Fcomments&post=229"}],"version-history":[{"count":38,"href":"https:\/\/polesantesaintdie.fr\/index.php?rest_route=\/wp\/v2\/pages\/229\/revisions"}],"predecessor-version":[{"id":1553,"href":"https:\/\/polesantesaintdie.fr\/index.php?rest_route=\/wp\/v2\/pages\/229\/revisions\/1553"}],"wp:attachment":[{"href":"https:\/\/polesantesaintdie.fr\/index.php?rest_route=%2Fwp%2Fv2%2Fmedia&parent=229"}],"curies":[{"name":"wp","href":"https:\/\/api.w.org\/{rel}","templated":true}]}}